{"id":2517,"date":"2019-07-03T14:37:29","date_gmt":"2019-07-03T14:37:29","guid":{"rendered":"https:\/\/kinderapia.com\/tractaments\/sala-destimulacio-snoezelen\/atencion-temprana"},"modified":"2020-01-03T11:13:54","modified_gmt":"2020-01-03T11:13:54","slug":"atencio-primerenca","status":"publish","type":"page","link":"https:\/\/kinderapia.com\/ca\/tractaments\/sala-destimulacio-snoezelen\/atencio-primerenca","title":{"rendered":"Atenci\u00f3 Primerenca"},"content":{"rendered":"<p>[et_pb_section fb_built=&#8221;1&#8243; admin_label=&#8221;Hero&#8221; _builder_version=&#8221;3.23.3&#8243; custom_padding=&#8221;0px|0px|0px|0px&#8221; animation_style=&#8221;zoom&#8221; animation_intensity_zoom=&#8221;4%&#8221; z_index_tablet=&#8221;500&#8243; box_shadow_horizontal_tablet=&#8221;0px&#8221; box_shadow_vertical_tablet=&#8221;0px&#8221; box_shadow_blur_tablet=&#8221;40px&#8221; box_shadow_spread_tablet=&#8221;0px&#8221;][et_pb_row column_structure=&#8221;1_2,1_2&#8243; use_custom_gutter=&#8221;on&#8221; gutter_width=&#8221;1&#8243; make_equal=&#8221;on&#8221; custom_padding_last_edited=&#8221;on|phone&#8221; module_class=&#8221; et_pb_row_fullwidth et_pb_row_fullwidth&#8221; _builder_version=&#8221;3.26.2&#8243; background_color=&#8221;#58bec8&#8243; background_image=&#8221;https:\/\/kinderapia.com\/wp-content\/uploads\/2019\/06\/circle-background-pattern.png&#8221; background_size=&#8221;initial&#8221; width=&#8221;100%&#8221; width_tablet=&#8221;100%&#8221; width_phone=&#8221;&#8221; width_last_edited=&#8221;on|desktop&#8221; max_width=&#8221;100%&#8221; max_width_tablet=&#8221;100%&#8221; max_width_phone=&#8221;&#8221; max_width_last_edited=&#8221;on|desktop&#8221; custom_padding=&#8221;0px||0px|||&#8221; custom_padding_tablet=&#8221;&#8221; custom_padding_phone=&#8221;50px||||false|false&#8221; animation_style=&#8221;slide&#8221; animation_direction=&#8221;top&#8221; animation_intensity_slide=&#8221;3%&#8221; make_fullwidth=&#8221;on&#8221;][et_pb_column type=&#8221;1_2&#8243; _builder_version=&#8221;3.25&#8243; custom_padding=&#8221;10%|8%|10%|8%&#8221; custom_padding__hover=&#8221;|||&#8221;][et_pb_text _builder_version=&#8221;4.0.9&#8243; text_font=&#8221;||||||||&#8221; header_font=&#8221;Roboto Slab|700|||||||&#8221; header_text_color=&#8221;#FFFFFF&#8221; header_font_size=&#8221;45px&#8221; header_2_font=&#8221;Fredoka One||||||||&#8221; header_2_text_color=&#8221;#262f71&#8243; header_2_font_size=&#8221;46px&#8221; header_2_line_height=&#8221;1.3em&#8221; header_4_font=&#8221;Roboto Slab|700|||||||&#8221; header_4_font_size=&#8221;35px&#8221; custom_margin=&#8221;-71px|||||&#8221; animation_style=&#8221;slide&#8221; animation_direction=&#8221;top&#8221; animation_intensity_slide=&#8221;5%&#8221; animation_starting_opacity=&#8221;100%&#8221; hover_enabled=&#8221;0&#8243;]<\/p>\n<h1>Atenci\u00f3 primerenca<\/h1>\n<p>[\/et_pb_text][et_pb_text _builder_version=&#8221;4.0.9&#8243; text_font=&#8221;Roboto Slab||||||||&#8221; text_text_color=&#8221;#FFFFFF&#8221; text_font_size=&#8221;25px&#8221; header_font=&#8221;|700|||||||&#8221; header_2_font=&#8221;Roboto Slab||||||||&#8221; header_2_text_color=&#8221;#ffffff&#8221; header_2_font_size=&#8221;25px&#8221; header_2_line_height=&#8221;1.2em&#8221; custom_margin=&#8221;37px|||||&#8221; custom_padding=&#8221;||17px|||&#8221; hover_enabled=&#8221;0&#8243;]<\/p>\n<h2>Pot ajudar a tenir un desenvolupament ple i harm\u00f2nic.<\/h2>\n<p>[\/et_pb_text][et_pb_text _builder_version=&#8221;4.0.9&#8243; text_font=&#8221;Roboto|300|||||||&#8221; text_text_color=&#8221;#FFFFFF&#8221; text_font_size=&#8221;17px&#8221; text_line_height=&#8221;1.5em&#8221; header_font=&#8221;|700|||||||&#8221; animation_style=&#8221;slide&#8221; animation_direction=&#8221;top&#8221; animation_intensity_slide=&#8221;5%&#8221; animation_starting_opacity=&#8221;100%&#8221; hover_enabled=&#8221;0&#8243;]<\/p>\n<p>Nens i nenes a partir del naixement fins a aproximadament els 6 anys d\u2019edat poden beneficiar-se d\u2019aquest servei, adquirint un desenvolupament ple i harm\u00f2nic.<\/p>\n<p>[\/et_pb_text][\/et_pb_column][et_pb_column type=&#8221;1_2&#8243; _builder_version=&#8221;3.25&#8243; background_image=&#8221;https:\/\/kinderapia.com\/wp-content\/uploads\/2019\/07\/Kinderapia-atencion-temprana.jpg&#8221; custom_padding=&#8221;|||&#8221; custom_padding__hover=&#8221;|||&#8221;][\/et_pb_column][\/et_pb_row][\/et_pb_section][et_pb_section fb_built=&#8221;1&#8243; admin_label=&#8221;Feature&#8221; _builder_version=&#8221;3.23.3&#8243; background_image=&#8221;https:\/\/kinderapia.com\/wp-content\/uploads\/2019\/07\/Fondo-Kinderapia-centro-de-psicologia.png&#8221; parallax=&#8221;on&#8221; parallax_method=&#8221;off&#8221; custom_padding=&#8221;0px|||||&#8221;][et_pb_row column_structure=&#8221;1_2,1_2&#8243; use_custom_gutter=&#8221;on&#8221; _builder_version=&#8221;3.25&#8243; custom_padding=&#8221;56px||27px|||&#8221;][et_pb_column type=&#8221;1_2&#8243; _builder_version=&#8221;3.25&#8243; custom_padding=&#8221;|||&#8221; custom_padding__hover=&#8221;|||&#8221;][et_pb_image src=&#8221;https:\/\/kinderapia.com\/wp-content\/uploads\/2019\/07\/Kinderapia-atencion-temprana.jpg&#8221; disabled_on=&#8221;off|on|on&#8221; _builder_version=&#8221;3.26.2&#8243;][\/et_pb_image][et_pb_text _builder_version=&#8221;4.0.9&#8243; text_font=&#8221;Roboto|300|||||||&#8221; text_text_color=&#8221;#757575&#8243; text_font_size=&#8221;17px&#8221; text_line_height=&#8221;1.5em&#8221; hover_enabled=&#8221;0&#8243;]<\/p>\n<p>En les \u00faltimes d\u00e8cades s\u2019ha produ\u00eft un creixent reconeixement a nivell mundial de la import\u00e0ncia de l\u2019atenci\u00f3 primerenca. En tractar el m\u00e9s aviat possible als nens i nenes que presenten algun tipus de trastorn del desenvolupament o es troben en situaci\u00f3 de risc, s\u2019aconsegueix no nom\u00e9s millorar els problemes actuals que presenta el nen o nena, sin\u00f3 tamb\u00e9 prevenir problemes que poguessin sorgir en el futur.<\/p>\n<p>[\/et_pb_text][\/et_pb_column][et_pb_column type=&#8221;1_2&#8243; _builder_version=&#8221;3.25&#8243; custom_padding=&#8221;|||&#8221; custom_padding__hover=&#8221;|||&#8221;][et_pb_text _builder_version=&#8221;4.0.9&#8243; text_font=&#8221;Roboto|300|||||||&#8221; text_text_color=&#8221;#757575&#8243; text_font_size=&#8221;17px&#8221; text_line_height=&#8221;1.5em&#8221; hover_enabled=&#8221;0&#8243;]<\/p>\n<p>Nens i nenes a partir del naixement fins a aproximadament els 6 anys d\u2019edat poden beneficiar-se d\u2019aquest servei, adquirint un desenvolupament ple i harm\u00f2nic.<\/p>\n<p>L\u2019estimulaci\u00f3 organitzada del cervell permet disminuir les dificultats de la crian\u00e7a que puguin sorgir.<\/p>\n<p>[\/et_pb_text][\/et_pb_column][\/et_pb_row][\/et_pb_section][et_pb_section fb_built=&#8221;1&#8243; admin_label=&#8221;Call to Action&#8221; _builder_version=&#8221;3.23.3&#8243; background_color=&#8221;#58bec8&#8243; background_color_gradient_direction=&#8221;75deg&#8221; background_image=&#8221;https:\/\/kinderapia.com\/wp-content\/uploads\/2019\/06\/day_care_bg_02.png&#8221; background_size=&#8221;initial&#8221; max_width=&#8221;90%&#8221; module_alignment=&#8221;center&#8221; custom_margin=&#8221;-18px||62px|||&#8221; custom_margin_tablet=&#8221;40px||||false&#8221; custom_margin_phone=&#8221;&#8221; custom_margin_last_edited=&#8221;on|phone&#8221; custom_padding=&#8221;0vw||0vw||true|false&#8221; border_radii=&#8221;on|38px|38px|38px|38px&#8221; box_shadow_style=&#8221;preset3&#8243; box_shadow_vertical=&#8221;10px&#8221; box_shadow_color=&#8221;rgba(0,0,0,0.22)&#8221;][et_pb_row _builder_version=&#8221;3.25&#8243; custom_padding=&#8221;||19px|||&#8221;][et_pb_column type=&#8221;4_4&#8243; _builder_version=&#8221;3.25&#8243; custom_padding=&#8221;|||&#8221; custom_padding__hover=&#8221;|||&#8221;][et_pb_text _builder_version=&#8221;4.0.9&#8243; text_font=&#8221;||||||||&#8221; header_font=&#8221;||||||||&#8221; header_2_font=&#8221;Fredoka One||||||||&#8221; header_2_font_size=&#8221;60px&#8221; header_2_line_height=&#8221;1.2em&#8221; header_4_font=&#8221;Roboto Slab|700|||||||&#8221; header_4_text_color=&#8221;#ffffff&#8221; header_4_font_size=&#8221;35px&#8221; header_5_font=&#8221;Roboto Slab|700|||||||&#8221; header_5_font_size=&#8221;35px&#8221; text_orientation=&#8221;center&#8221; background_layout=&#8221;dark&#8221; custom_margin=&#8221;15px||16px|||&#8221; hover_enabled=&#8221;0&#8243; header_2_font_size_tablet=&#8221;50px&#8221; header_2_font_size_phone=&#8221;30px&#8221; header_2_font_size_last_edited=&#8221;on|phone&#8221;]<\/p>\n<h4>Sala d&#8217;estimulaci\u00f3 multisensorial Snoezelen<\/h4>\n<p>[\/et_pb_text][et_pb_text _builder_version=&#8221;4.0.9&#8243; text_font=&#8221;Roboto Slab||||||||&#8221; text_font_size=&#8221;18px&#8221; header_font=&#8221;||||||||&#8221; header_2_font=&#8221;Fredoka One||||||||&#8221; header_2_font_size=&#8221;60px&#8221; header_2_line_height=&#8221;1.2em&#8221; header_4_font=&#8221;Roboto Slab|700|||||||&#8221; header_4_text_color=&#8221;#ffffff&#8221; header_4_font_size=&#8221;35px&#8221; header_5_font=&#8221;Roboto Slab|700|||||||&#8221; header_5_font_size=&#8221;35px&#8221; text_orientation=&#8221;center&#8221; background_layout=&#8221;dark&#8221; custom_margin=&#8221;15px||16px|||&#8221; hover_enabled=&#8221;0&#8243; header_2_font_size_tablet=&#8221;50px&#8221; header_2_font_size_phone=&#8221;30px&#8221; header_2_font_size_last_edited=&#8221;on|phone&#8221;]<\/p>\n<p>La ter\u00e0pia es pot realitzar a la sala d&#8217;estimulaci\u00f3 multisensorial Snoezelen<\/p>\n<p>[\/et_pb_text][\/et_pb_column][\/et_pb_row][et_pb_row make_equal=&#8221;on&#8221; _builder_version=&#8221;3.25&#8243; width=&#8221;100%&#8221; max_width=&#8221;90%&#8221; custom_margin=&#8221;30px|||&#8221; custom_padding=&#8221;0px|||||&#8221;][et_pb_column type=&#8221;4_4&#8243; _builder_version=&#8221;3.25&#8243; custom_padding=&#8221;|||&#8221; custom_padding__hover=&#8221;|||&#8221;][et_pb_blurb title=&#8221;Sala Snoezelen&#8221; use_icon=&#8221;on&#8221; _builder_version=&#8221;4.0.9&#8243; header_level=&#8221;h3&#8243; header_font=&#8221;Roboto Slab|700|||||||&#8221; header_font_size=&#8221;22px&#8221; header_line_height=&#8221;1.3em&#8221; body_font=&#8221;Roboto|300|||||||&#8221; body_font_size=&#8221;18px&#8221; text_orientation=&#8221;center&#8221; background_layout=&#8221;dark&#8221; animation_style=&#8221;fade&#8221; animation=&#8221;off&#8221; z_index_tablet=&#8221;500&#8243; hover_enabled=&#8221;0&#8243; header_text_shadow_horizontal_length_tablet=&#8221;0px&#8221; header_text_shadow_vertical_length_tablet=&#8221;0px&#8221; header_text_shadow_blur_strength_tablet=&#8221;1px&#8221; body_text_shadow_horizontal_length_tablet=&#8221;0px&#8221; body_text_shadow_vertical_length_tablet=&#8221;0px&#8221; body_text_shadow_blur_strength_tablet=&#8221;1px&#8221; body_link_text_shadow_horizontal_length_tablet=&#8221;0px&#8221; body_link_text_shadow_vertical_length_tablet=&#8221;0px&#8221; body_link_text_shadow_blur_strength_tablet=&#8221;1px&#8221; body_ul_text_shadow_horizontal_length_tablet=&#8221;0px&#8221; body_ul_text_shadow_vertical_length_tablet=&#8221;0px&#8221; body_ul_text_shadow_blur_strength_tablet=&#8221;1px&#8221; body_ol_text_shadow_horizontal_length_tablet=&#8221;0px&#8221; body_ol_text_shadow_vertical_length_tablet=&#8221;0px&#8221; body_ol_text_shadow_blur_strength_tablet=&#8221;1px&#8221; body_quote_text_shadow_horizontal_length_tablet=&#8221;0px&#8221; body_quote_text_shadow_vertical_length_tablet=&#8221;0px&#8221; body_quote_text_shadow_blur_strength_tablet=&#8221;1px&#8221; border_width_all_image=&#8221;14px&#8221; border_color_all_image=&#8221;#ffffff&#8221; box_shadow_horizontal_tablet=&#8221;0px&#8221; box_shadow_vertical_tablet=&#8221;0px&#8221; box_shadow_blur_tablet=&#8221;40px&#8221; box_shadow_spread_tablet=&#8221;0px&#8221; text_shadow_horizontal_length_tablet=&#8221;0px&#8221; text_shadow_vertical_length_tablet=&#8221;0px&#8221; text_shadow_blur_strength_tablet=&#8221;1px&#8221;]<\/p>\n<p>La sala d&#8217;estimulaci\u00f3 multisensorial Snoezelen t\u00e9&#8230;<\/p>\n<p>[\/et_pb_blurb][et_pb_button button_url=&#8221;https:\/\/kinderapia.com\/ca\/tractaments\/sala-destimulacio-snoezelen&#8221; button_text=&#8221;M\u00e9s informaci\u00f3&#8221; button_alignment=&#8221;center&#8221; _builder_version=&#8221;4.0.9&#8243; custom_button=&#8221;on&#8221; button_text_size=&#8221;16px&#8221; button_text_color=&#8221;#58bec8&#8243; button_bg_color=&#8221;#FFFFFF&#8221; button_border_width=&#8221;0px&#8221; button_border_radius=&#8221;30px&#8221; button_font=&#8221;Roboto Slab|700|||||||&#8221; button_use_icon=&#8221;off&#8221; custom_margin=&#8221;-21px|||||&#8221; custom_padding=&#8221;14px|24px|14px|24px&#8221; z_index_tablet=&#8221;500&#8243; hover_enabled=&#8221;0&#8243; button_text_shadow_horizontal_length_tablet=&#8221;0px&#8221; button_text_shadow_vertical_length_tablet=&#8221;0px&#8221; button_text_shadow_blur_strength_tablet=&#8221;1px&#8221; box_shadow_horizontal_tablet=&#8221;0px&#8221; box_shadow_vertical_tablet=&#8221;0px&#8221; box_shadow_blur_tablet=&#8221;40px&#8221; box_shadow_spread_tablet=&#8221;0px&#8221; saved_tabs=&#8221;all&#8221; button_text_size__hover_enabled=&#8221;off&#8221; button_one_text_size__hover_enabled=&#8221;off&#8221; button_two_text_size__hover_enabled=&#8221;off&#8221; button_text_color__hover_enabled=&#8221;on&#8221; button_one_text_color__hover_enabled=&#8221;off&#8221; button_two_text_color__hover_enabled=&#8221;off&#8221; button_border_width__hover_enabled=&#8221;off&#8221; button_one_border_width__hover_enabled=&#8221;off&#8221; button_two_border_width__hover_enabled=&#8221;off&#8221; button_border_color__hover_enabled=&#8221;off&#8221; button_one_border_color__hover_enabled=&#8221;off&#8221; button_two_border_color__hover_enabled=&#8221;off&#8221; button_border_radius__hover_enabled=&#8221;off&#8221; button_one_border_radius__hover_enabled=&#8221;off&#8221; button_two_border_radius__hover_enabled=&#8221;off&#8221; button_letter_spacing__hover_enabled=&#8221;off&#8221; button_one_letter_spacing__hover_enabled=&#8221;off&#8221; button_two_letter_spacing__hover_enabled=&#8221;off&#8221; button_bg_color__hover_enabled=&#8221;on&#8221; button_one_bg_color__hover_enabled=&#8221;off&#8221; button_two_bg_color__hover_enabled=&#8221;off&#8221; button_bg_color__hover=&#8221;#ffb24f&#8221; button_text_color__hover=&#8221;#FFFFFF&#8221;][\/et_pb_button][\/et_pb_column][\/et_pb_row][\/et_pb_section]<\/p>\n","protected":false},"excerpt":{"rendered":"<p>Atenci\u00f3 primerenca Pot ajudar a tenir un desenvolupament ple i harm\u00f2nic. Nens i nenes a partir del naixement fins a aproximadament els 6 anys d\u2019edat poden beneficiar-se d\u2019aquest servei, adquirint un desenvolupament ple i harm\u00f2nic. En les \u00faltimes d\u00e8cades s\u2019ha produ\u00eft un creixent reconeixement a nivell mundial de la import\u00e0ncia de l\u2019atenci\u00f3 primerenca. En tractar [&hellip;]<\/p>\n","protected":false},"author":4,"featured_media":0,"parent":2509,"menu_order":0,"comment_status":"closed","ping_status":"closed","template":"","meta":{"_et_pb_use_builder":"on","_et_pb_old_content":"","_et_gb_content_width":"","inline_featured_image":false,"footnotes":""},"class_list":["post-2517","page","type-page","status-publish","hentry"],"yoast_head":"<!-- This site is optimized with the Yoast SEO plugin v27.3 - https:\/\/yoast.com\/product\/yoast-seo-wordpress\/ -->\n<title>Atenci\u00f3 Primerenca - Kinderapia<\/title>\n<meta name=\"robots\" content=\"index, follow, max-snippet:-1, max-image-preview:large, max-video-preview:-1\" \/>\n<link rel=\"canonical\" href=\"https:\/\/kinderapia.com\/ca\/tractaments\/sala-destimulacio-snoezelen\/atencio-primerenca\" \/>\n<meta property=\"og:locale\" content=\"ca_ES\" \/>\n<meta property=\"og:type\" content=\"article\" \/>\n<meta property=\"og:title\" content=\"Atenci\u00f3 Primerenca - Kinderapia\" \/>\n<meta property=\"og:description\" content=\"Atenci\u00f3 primerenca Pot ajudar a tenir un desenvolupament ple i harm\u00f2nic. Nens i nenes a partir del naixement fins a aproximadament els 6 anys d\u2019edat poden beneficiar-se d\u2019aquest servei, adquirint un desenvolupament ple i harm\u00f2nic. En les \u00faltimes d\u00e8cades s\u2019ha produ\u00eft un creixent reconeixement a nivell mundial de la import\u00e0ncia de l\u2019atenci\u00f3 primerenca. En tractar [&hellip;]\" \/>\n<meta property=\"og:url\" content=\"https:\/\/kinderapia.com\/ca\/tractaments\/sala-destimulacio-snoezelen\/atencio-primerenca\" \/>\n<meta property=\"og:site_name\" content=\"Kinderapia\" \/>\n<meta property=\"article:modified_time\" content=\"2020-01-03T11:13:54+00:00\" \/>\n<meta name=\"twitter:card\" content=\"summary_large_image\" \/>\n<meta name=\"twitter:label1\" content=\"Temps estimat de lectura\" \/>\n\t<meta name=\"twitter:data1\" content=\"7 minuts\" \/>\n<script type=\"application\/ld+json\" class=\"yoast-schema-graph\">{\"@context\":\"https:\\\/\\\/schema.org\",\"@graph\":[{\"@type\":\"WebPage\",\"@id\":\"https:\\\/\\\/kinderapia.com\\\/ca\\\/tractaments\\\/sala-destimulacio-snoezelen\\\/atencio-primerenca\",\"url\":\"https:\\\/\\\/kinderapia.com\\\/ca\\\/tractaments\\\/sala-destimulacio-snoezelen\\\/atencio-primerenca\",\"name\":\"Atenci\u00f3 Primerenca - Kinderapia\",\"isPartOf\":{\"@id\":\"https:\\\/\\\/kinderapia.com\\\/#website\"},\"datePublished\":\"2019-07-03T14:37:29+00:00\",\"dateModified\":\"2020-01-03T11:13:54+00:00\",\"breadcrumb\":{\"@id\":\"https:\\\/\\\/kinderapia.com\\\/ca\\\/tractaments\\\/sala-destimulacio-snoezelen\\\/atencio-primerenca#breadcrumb\"},\"inLanguage\":\"ca\",\"potentialAction\":[{\"@type\":\"ReadAction\",\"target\":[\"https:\\\/\\\/kinderapia.com\\\/ca\\\/tractaments\\\/sala-destimulacio-snoezelen\\\/atencio-primerenca\"]}]},{\"@type\":\"BreadcrumbList\",\"@id\":\"https:\\\/\\\/kinderapia.com\\\/ca\\\/tractaments\\\/sala-destimulacio-snoezelen\\\/atencio-primerenca#breadcrumb\",\"itemListElement\":[{\"@type\":\"ListItem\",\"position\":1,\"name\":\"Home\",\"item\":\"https:\\\/\\\/kinderapia.com\\\/ca\"},{\"@type\":\"ListItem\",\"position\":2,\"name\":\"Tractaments\",\"item\":\"https:\\\/\\\/kinderapia.com\\\/ca\\\/tractaments\"},{\"@type\":\"ListItem\",\"position\":3,\"name\":\"Sala d&#8217;estimulaci\u00f3 Snoezelen\",\"item\":\"https:\\\/\\\/kinderapia.com\\\/ca\\\/tractaments\\\/sala-destimulacio-snoezelen\"},{\"@type\":\"ListItem\",\"position\":4,\"name\":\"Atenci\u00f3 Primerenca\"}]},{\"@type\":\"WebSite\",\"@id\":\"https:\\\/\\\/kinderapia.com\\\/#website\",\"url\":\"https:\\\/\\\/kinderapia.com\\\/\",\"name\":\"Kinderapia\",\"description\":\"Centro de psicolog\u00eda aplicada en Esplugues de Llobregat\",\"publisher\":{\"@id\":\"https:\\\/\\\/kinderapia.com\\\/#organization\"},\"potentialAction\":[{\"@type\":\"SearchAction\",\"target\":{\"@type\":\"EntryPoint\",\"urlTemplate\":\"https:\\\/\\\/kinderapia.com\\\/?s={search_term_string}\"},\"query-input\":{\"@type\":\"PropertyValueSpecification\",\"valueRequired\":true,\"valueName\":\"search_term_string\"}}],\"inLanguage\":\"ca\"},{\"@type\":\"Organization\",\"@id\":\"https:\\\/\\\/kinderapia.com\\\/#organization\",\"name\":\"Kinderapia\",\"url\":\"https:\\\/\\\/kinderapia.com\\\/\",\"logo\":{\"@type\":\"ImageObject\",\"inLanguage\":\"ca\",\"@id\":\"https:\\\/\\\/kinderapia.com\\\/#\\\/schema\\\/logo\\\/image\\\/\",\"url\":\"https:\\\/\\\/kinderapia.com\\\/wp-content\\\/uploads\\\/2019\\\/06\\\/Logo-Kinderapia-adultos-1.png\",\"contentUrl\":\"https:\\\/\\\/kinderapia.com\\\/wp-content\\\/uploads\\\/2019\\\/06\\\/Logo-Kinderapia-adultos-1.png\",\"width\":230,\"height\":75,\"caption\":\"Kinderapia\"},\"image\":{\"@id\":\"https:\\\/\\\/kinderapia.com\\\/#\\\/schema\\\/logo\\\/image\\\/\"}}]}<\/script>\n<!-- \/ Yoast SEO plugin. -->","yoast_head_json":{"title":"Atenci\u00f3 Primerenca - Kinderapia","robots":{"index":"index","follow":"follow","max-snippet":"max-snippet:-1","max-image-preview":"max-image-preview:large","max-video-preview":"max-video-preview:-1"},"canonical":"https:\/\/kinderapia.com\/ca\/tractaments\/sala-destimulacio-snoezelen\/atencio-primerenca","og_locale":"ca_ES","og_type":"article","og_title":"Atenci\u00f3 Primerenca - Kinderapia","og_description":"Atenci\u00f3 primerenca Pot ajudar a tenir un desenvolupament ple i harm\u00f2nic. Nens i nenes a partir del naixement fins a aproximadament els 6 anys d\u2019edat poden beneficiar-se d\u2019aquest servei, adquirint un desenvolupament ple i harm\u00f2nic. En les \u00faltimes d\u00e8cades s\u2019ha produ\u00eft un creixent reconeixement a nivell mundial de la import\u00e0ncia de l\u2019atenci\u00f3 primerenca. En tractar [&hellip;]","og_url":"https:\/\/kinderapia.com\/ca\/tractaments\/sala-destimulacio-snoezelen\/atencio-primerenca","og_site_name":"Kinderapia","article_modified_time":"2020-01-03T11:13:54+00:00","twitter_card":"summary_large_image","twitter_misc":{"Temps estimat de lectura":"7 minuts"},"schema":{"@context":"https:\/\/schema.org","@graph":[{"@type":"WebPage","@id":"https:\/\/kinderapia.com\/ca\/tractaments\/sala-destimulacio-snoezelen\/atencio-primerenca","url":"https:\/\/kinderapia.com\/ca\/tractaments\/sala-destimulacio-snoezelen\/atencio-primerenca","name":"Atenci\u00f3 Primerenca - Kinderapia","isPartOf":{"@id":"https:\/\/kinderapia.com\/#website"},"datePublished":"2019-07-03T14:37:29+00:00","dateModified":"2020-01-03T11:13:54+00:00","breadcrumb":{"@id":"https:\/\/kinderapia.com\/ca\/tractaments\/sala-destimulacio-snoezelen\/atencio-primerenca#breadcrumb"},"inLanguage":"ca","potentialAction":[{"@type":"ReadAction","target":["https:\/\/kinderapia.com\/ca\/tractaments\/sala-destimulacio-snoezelen\/atencio-primerenca"]}]},{"@type":"BreadcrumbList","@id":"https:\/\/kinderapia.com\/ca\/tractaments\/sala-destimulacio-snoezelen\/atencio-primerenca#breadcrumb","itemListElement":[{"@type":"ListItem","position":1,"name":"Home","item":"https:\/\/kinderapia.com\/ca"},{"@type":"ListItem","position":2,"name":"Tractaments","item":"https:\/\/kinderapia.com\/ca\/tractaments"},{"@type":"ListItem","position":3,"name":"Sala d&#8217;estimulaci\u00f3 Snoezelen","item":"https:\/\/kinderapia.com\/ca\/tractaments\/sala-destimulacio-snoezelen"},{"@type":"ListItem","position":4,"name":"Atenci\u00f3 Primerenca"}]},{"@type":"WebSite","@id":"https:\/\/kinderapia.com\/#website","url":"https:\/\/kinderapia.com\/","name":"Kinderapia","description":"Centro de psicolog\u00eda aplicada en Esplugues de Llobregat","publisher":{"@id":"https:\/\/kinderapia.com\/#organization"},"potentialAction":[{"@type":"SearchAction","target":{"@type":"EntryPoint","urlTemplate":"https:\/\/kinderapia.com\/?s={search_term_string}"},"query-input":{"@type":"PropertyValueSpecification","valueRequired":true,"valueName":"search_term_string"}}],"inLanguage":"ca"},{"@type":"Organization","@id":"https:\/\/kinderapia.com\/#organization","name":"Kinderapia","url":"https:\/\/kinderapia.com\/","logo":{"@type":"ImageObject","inLanguage":"ca","@id":"https:\/\/kinderapia.com\/#\/schema\/logo\/image\/","url":"https:\/\/kinderapia.com\/wp-content\/uploads\/2019\/06\/Logo-Kinderapia-adultos-1.png","contentUrl":"https:\/\/kinderapia.com\/wp-content\/uploads\/2019\/06\/Logo-Kinderapia-adultos-1.png","width":230,"height":75,"caption":"Kinderapia"},"image":{"@id":"https:\/\/kinderapia.com\/#\/schema\/logo\/image\/"}}]}},"_links":{"self":[{"href":"https:\/\/kinderapia.com\/ca\/wp-json\/wp\/v2\/pages\/2517","targetHints":{"allow":["GET"]}}],"collection":[{"href":"https:\/\/kinderapia.com\/ca\/wp-json\/wp\/v2\/pages"}],"about":[{"href":"https:\/\/kinderapia.com\/ca\/wp-json\/wp\/v2\/types\/page"}],"author":[{"embeddable":true,"href":"https:\/\/kinderapia.com\/ca\/wp-json\/wp\/v2\/users\/4"}],"replies":[{"embeddable":true,"href":"https:\/\/kinderapia.com\/ca\/wp-json\/wp\/v2\/comments?post=2517"}],"version-history":[{"count":5,"href":"https:\/\/kinderapia.com\/ca\/wp-json\/wp\/v2\/pages\/2517\/revisions"}],"predecessor-version":[{"id":2525,"href":"https:\/\/kinderapia.com\/ca\/wp-json\/wp\/v2\/pages\/2517\/revisions\/2525"}],"up":[{"embeddable":true,"href":"https:\/\/kinderapia.com\/ca\/wp-json\/wp\/v2\/pages\/2509"}],"wp:attachment":[{"href":"https:\/\/kinderapia.com\/ca\/wp-json\/wp\/v2\/media?parent=2517"}],"curies":[{"name":"wp","href":"https:\/\/api.w.org\/{rel}","templated":true}]}}